{"id":49,"date":"2018-08-27T16:57:28","date_gmt":"2018-08-27T14:57:28","guid":{"rendered":"http:\/\/maler-vladetic.de\/?page_id=49"},"modified":"2019-01-31T14:33:28","modified_gmt":"2019-01-31T13:33:28","slug":"portfolio","status":"publish","type":"page","link":"http:\/\/maler-vladetic.de\/index.php\/portfolio\/","title":{"rendered":"Portfolio"},"content":{"rendered":"<section class=\"l-section wpb_row height_medium\"><div class=\"l-section-h i-cf\"><div class=\"g-cols vc_row via_flex valign_middle type_boxes stacking_default\"><div class=\"vc_col-sm-6 wpb_column vc_column_container\"><div class=\"vc_column-inner\"><div class=\"wpb_wrapper\"><div class=\"w-image align_none\"><div class=\"w-image-h\"><img loading=\"lazy\" decoding=\"async\" width=\"1000\" height=\"664\" src=\"http:\/\/maler-vladetic.de\/wp-content\/uploads\/2018\/08\/101216_001.jpg\" class=\"attachment-large size-large\" alt=\"\" srcset=\"http:\/\/maler-vladetic.de\/wp-content\/uploads\/2018\/08\/101216_001.jpg 1000w, http:\/\/maler-vladetic.de\/wp-content\/uploads\/2018\/08\/101216_001-300x199.jpg 300w\" sizes=\"auto, (max-width: 1000px) 100vw, 1000px\" \/><\/div><\/div><\/div><\/div><\/div><div class=\"vc_col-sm-6 wpb_column vc_column_container\"><div class=\"vc_column-inner\"><div class=\"wpb_wrapper\"><div class=\"wpb_text_column\"><div class=\"wpb_wrapper\"><h3><span class=\"fliess18dkgrau\">W\u00e4nde und Decken zum Wohlf\u00fchlen<\/span><\/h3>\n<h5><span class=\"fliess14dkgrau\">Wir f\u00fchren s\u00e4mtliche Maler- und Tapezierarbeiten aus:<\/span><\/h5>\n<p><span class=\"fliess14dkgrau\">\u2022 wir tapezieren s\u00e4mtliche Tapetenarten<br \/>\n\u2022 wir bringen Bord\u00fcren und Dekoleisten an<br \/>\n\u2022 wir verwenden dekorative Techniken<br \/>\n\u2022 wir bringen alle Beschichtungen auf<br \/>\n\u2022 wir bringen Floc-Beschichtungen auf<br \/>\n\u2022 wir streichen und lasieren<\/span><\/p>\n<\/div><\/div><\/div><\/div><\/div><\/div><\/div><\/section><section class=\"l-section wpb_row height_medium\"><div class=\"l-section-h i-cf\"><div class=\"g-cols vc_row via_flex valign_middle type_boxes stacking_default\"><div class=\"vc_col-sm-6 wpb_column vc_column_container\"><div class=\"vc_column-inner\"><div class=\"wpb_wrapper\"><div class=\"w-image align_none\"><div class=\"w-image-h\"><img loading=\"lazy\" decoding=\"async\" width=\"1000\" height=\"750\" src=\"http:\/\/maler-vladetic.de\/wp-content\/uploads\/2018\/08\/101210_006.jpg\" class=\"attachment-large size-large\" alt=\"\" srcset=\"http:\/\/maler-vladetic.de\/wp-content\/uploads\/2018\/08\/101210_006.jpg 1000w, http:\/\/maler-vladetic.de\/wp-content\/uploads\/2018\/08\/101210_006-300x225.jpg 300w\" sizes=\"auto, (max-width: 1000px) 100vw, 1000px\" \/><\/div><\/div><\/div><\/div><\/div><div class=\"vc_col-sm-6 wpb_column vc_column_container\"><div class=\"vc_column-inner\"><div class=\"wpb_wrapper\"><div class=\"wpb_text_column\"><div class=\"wpb_wrapper\"><h3>B\u00f6den zum Wohlf\u00fchlen<\/h3>\n<h5>Wir verlegen s\u00e4mtliche Bodenbel\u00e4ge:<\/h5>\n<p>\u2022 wir verlegen Parkettb\u00f6den<br \/>\n\u2022 wir verlegen Korkb\u00f6den<br \/>\n\u2022 wir verlegen Laminat<br \/>\n\u2022 wir verlegen PVC<br \/>\n\u2022 wir verlegen Linoleum<br \/>\n\u2022 wir verarbeiten Flockbeschichtungen wie Capafloc<br \/>\n\u2022 wir verarbeiten dekorative Beschichtungen<br \/>\n\u2022 wir verarbeiten strapazierf\u00e4hige Bodenbeschichtungen<\/p>\n<\/div><\/div><\/div><\/div><\/div><\/div><\/div><\/section><section class=\"l-section wpb_row height_medium\"><div class=\"l-section-h i-cf\"><div class=\"g-cols vc_row via_flex valign_middle type_boxes stacking_default\"><div class=\"vc_col-sm-6 wpb_column vc_column_container\"><div class=\"vc_column-inner\"><div class=\"wpb_wrapper\"><div class=\"w-image align_none\"><div class=\"w-image-h\"><img loading=\"lazy\" decoding=\"async\" width=\"1000\" height=\"657\" src=\"http:\/\/maler-vladetic.de\/wp-content\/uploads\/2018\/08\/070608_001.jpg\" class=\"attachment-large size-large\" alt=\"\" srcset=\"http:\/\/maler-vladetic.de\/wp-content\/uploads\/2018\/08\/070608_001.jpg 1000w, http:\/\/maler-vladetic.de\/wp-content\/uploads\/2018\/08\/070608_001-300x197.jpg 300w\" sizes=\"auto, (max-width: 1000px) 100vw, 1000px\" \/><\/div><\/div><\/div><\/div><\/div><div class=\"vc_col-sm-6 wpb_column vc_column_container\"><div class=\"vc_column-inner\"><div class=\"wpb_wrapper\"><div class=\"wpb_text_column\"><div class=\"wpb_wrapper\"><h3>Repr\u00e4sentative Fassaden<\/h3>\n<h5>Wir tun alles f\u00fcr Ihre sch\u00f6ne Fassade: \u2022 wir f\u00fchren Fassadenrenovierungen aus<\/h5>\n<p>\u2022 wir f\u00fchren Sanierungen und Rissarmierungen aus<br \/>\n\u2022 wir entfernen Graffitti<br \/>\n\u2022 wir sind Spezialist f\u00fcr Hochdruckreinigen<br \/>\n\u2022 wir verarbeiten W\u00e4rmed\u00e4mmverbundsysteme WDVS<br \/>\n\u2022 wir gestalten Fassaden<br \/>\n\u2022 wir f\u00fchren Betonsanierungen aus<br \/>\n\u2022 wir verarbeiten Rauh- und Feinputze<br \/>\n\u2022 wir verarbeiten mineralische Systeme<br \/>\n\u2022 wir verarbeiten kunstharz- und kunststoffgebundene Systeme<\/p>\n<\/div><\/div><\/div><\/div><\/div><\/div><\/div><\/section><section class=\"l-section wpb_row height_medium\"><div class=\"l-section-h i-cf\"><div class=\"g-cols vc_row via_flex valign_middle type_boxes stacking_default\"><div class=\"vc_col-sm-6 wpb_column vc_column_container\"><div class=\"vc_column-inner\"><div class=\"wpb_wrapper\"><div class=\"w-image align_none\"><div class=\"w-image-h\"><img loading=\"lazy\" decoding=\"async\" width=\"1000\" height=\"749\" src=\"http:\/\/maler-vladetic.de\/wp-content\/uploads\/2018\/08\/090128_003.jpg\" class=\"attachment-large size-large\" alt=\"\" srcset=\"http:\/\/maler-vladetic.de\/wp-content\/uploads\/2018\/08\/090128_003.jpg 1000w, http:\/\/maler-vladetic.de\/wp-content\/uploads\/2018\/08\/090128_003-300x225.jpg 300w\" sizes=\"auto, (max-width: 1000px) 100vw, 1000px\" \/><\/div><\/div><\/div><\/div><\/div><div class=\"vc_col-sm-6 wpb_column vc_column_container\"><div class=\"vc_column-inner\"><div class=\"wpb_wrapper\"><div class=\"wpb_text_column\"><div class=\"wpb_wrapper\"><h3>Ein gro\u00dfes Leistungspektrum<\/h3>\n<h5>Wir machen fast alles rund um Haus und Heim:<\/h5>\n<p>\u2022 wir streichen und lackieren Fenster<br \/>\n\u2022 wir f\u00fchren Schimmelbek\u00e4mpfung durch<br \/>\n\u2022 wir impr\u00e4gnieren<br \/>\n\u2022 wir f\u00fchren hochwertige Lackierungen durch<br \/>\n\u2022 wir reinigen Teppichb\u00f6den<br \/>\n\u2022 wir verfugen mit Acryl und Silikon<br \/>\n\u2022 wir beschichten Keller- und Garagenb\u00f6den<br \/>\n\u2022 wir f\u00fchren Vergoldungen aus<br \/>\n\u2022 wir bringen Dekorprofile (Stuckoptik) an Wand und Decke an<br \/>\n\u2022 wir bringen W\u00e4rmed\u00e4mmung WDVS an<br \/>\n\u2022 wir f\u00fchren f\u00fcr Allergiker geeignete Boden- und Wandbel\u00e4ge<br \/>\n\u2022 wir bieten kompleten Renovierungs-Service<br \/>\n\u2022 auf Wunsch packen wir beim Aus- und Einr\u00e4umen an<br \/>\n\u2022 nat\u00fcrlich verlassen wir alles sauber und ordentlich<\/p>\n<\/div><\/div><\/div><\/div><\/div><\/div><\/div><\/section>\n","protected":false},"excerpt":{"rendered":"W\u00e4nde und Decken zum Wohlf\u00fchlen Wir f\u00fchren s\u00e4mtliche Maler- und Tapezierarbeiten aus: \u2022 wir tapezieren s\u00e4mtliche Tapetenarten \u2022 wir bringen Bord\u00fcren und Dekoleisten an \u2022 wir verwenden dekorative Techniken \u2022 wir bringen alle Beschichtungen auf \u2022 wir bringen Floc-Beschichtungen auf \u2022 wir streichen und lasieren B\u00f6den zum Wohlf\u00fchlen Wir verlegen s\u00e4mtliche Bodenbel\u00e4ge: \u2022 wir verlegen...","protected":false},"author":1,"featured_media":0,"parent":0,"menu_order":0,"comment_status":"closed","ping_status":"closed","template":"","meta":{"footnotes":""},"class_list":["post-49","page","type-page","status-publish","hentry"],"_links":{"self":[{"href":"http:\/\/maler-vladetic.de\/index.php\/wp-json\/wp\/v2\/pages\/49","targetHints":{"allow":["GET"]}}],"collection":[{"href":"http:\/\/maler-vladetic.de\/index.php\/wp-json\/wp\/v2\/pages"}],"about":[{"href":"http:\/\/maler-vladetic.de\/index.php\/wp-json\/wp\/v2\/types\/page"}],"author":[{"embeddable":true,"href":"http:\/\/maler-vladetic.de\/index.php\/wp-json\/wp\/v2\/users\/1"}],"replies":[{"embeddable":true,"href":"http:\/\/maler-vladetic.de\/index.php\/wp-json\/wp\/v2\/comments?post=49"}],"version-history":[{"count":0,"href":"http:\/\/maler-vladetic.de\/index.php\/wp-json\/wp\/v2\/pages\/49\/revisions"}],"wp:attachment":[{"href":"http:\/\/maler-vladetic.de\/index.php\/wp-json\/wp\/v2\/media?parent=49"}],"curies":[{"name":"wp","href":"https:\/\/api.w.org\/{rel}","templated":true}]}}